{"id":1208,"date":"2023-04-18T14:55:00","date_gmt":"2023-04-18T12:55:00","guid":{"rendered":"https:\/\/www.campingdecruas.com\/vermietung-mobilheime-ardeche\/vermietung-mobil-home-ardeche-3-zimmer\/"},"modified":"2026-01-05T11:30:50","modified_gmt":"2026-01-05T10:30:50","slug":"vermietung-mobil-home-ardeche-3-zimmer","status":"publish","type":"page","link":"https:\/\/www.campingdecruas.com\/de\/vermietung-mobilheime-ardeche\/vermietung-mobil-home-ardeche-3-zimmer\/","title":{"rendered":"Mobilheim 3 Zimmer"},"content":{"rendered":"\n<div class=\"wp-block-cover alignfull\"><span aria-hidden=\"true\" class=\"has-background-dim-0 wp-block-cover__gradient-background has-background-dim\"><\/span><img width=\"1440\" height=\"1080\" class=\"wp-block-cover__image-background wp-image-680\" alt=\"mobil-home 3 chambres Ard\u00e8che\" src=\"https:\/\/www.campingdecruas.com\/wp-content\/uploads\/2023\/03\/408-hebergement-psx-20220317-120401-1920x1080-1.jpg\" style=\"object-position:50% 75%\" data-object-fit=\"cover\" data-object-position=\"50% 75%\" srcset=\"https:\/\/www.campingdecruas.com\/wp-content\/uploads\/2023\/03\/408-hebergement-psx-20220317-120401-1920x1080-1.jpg 1440w, https:\/\/www.campingdecruas.com\/wp-content\/uploads\/2023\/03\/408-hebergement-psx-20220317-120401-1920x1080-1-300x225.jpg 300w, https:\/\/www.campingdecruas.com\/wp-content\/uploads\/2023\/03\/408-hebergement-psx-20220317-120401-1920x1080-1-1024x768.jpg 1024w, https:\/\/www.campingdecruas.com\/wp-content\/uploads\/2023\/03\/408-hebergement-psx-20220317-120401-1920x1080-1-768x576.jpg 768w\" sizes=\"(max-width: 1440px) 100vw, 1440px\" \/><div class=\"wp-block-cover__inner-container\">\n<p class=\"has-text-align-center has-large-font-size\"><\/p>\n<\/div><\/div>\n\n\n\n<h1 class=\"alignfull has-text-align-center has-blanc-color has-bleu-fonce-background-color has-text-color has-background\" id=\"mobil-home-2-chambres-1\"><strong>Mobilheim<\/strong> <em>3 Schlafzimmer<\/em><\/h1>\n\n\n\n<div class=\"wp-block-columns alignfull H-35\">\n<div class=\"wp-block-column\">\n<p class=\"retour\"><a href=\"https:\/\/www.campingdecruas.com\/de\/vermietung-mobilheime-ardeche\/\" data-type=\"page\"><i class=\"fas fa-arrow-left\"><\/i>  Zur\u00fcck zu den Vermietungen<\/a><\/p>\n\n\n\n<h2 class=\"has-bleu-fonce-color has-text-color\" id=\"descriptif-detaille\"><em>Ausf\u00fchrliche<\/em> Beschreibung<\/h2>\n\n\n\n<ul><li><i class=\"fas fa-couch\"><\/i> <strong>Wohnzimmerecke :<\/strong> Mit Sitzbank, Tisch und St\u00fchlen<\/li><li><i class=\"fas fa-hat-chef\"><\/i> <strong>K\u00fcche:<\/strong> Eingerichtet mit 4 Gaskochstellen, 1 K\u00fchlschrank, 1 Mikrowelle, 1 Kaffeemaschine, allen K\u00fcchenutensilien und Geschirr f\u00fcr 4\/6 Personen.<\/li><li><i class=\"fas fa-bed-front\"><\/i> <strong>Zimmer 1:<\/strong> Doppelbett 140 cm<\/li><li><i class=\"fas fa-bed\"><\/i> <strong>Schlafzimmer 2:<\/strong> 2 Einzelbetten 70\/80 cm<\/li><li><i class=\"fas fa-bed\"><\/i> <strong>Schlafzimmer 3:<\/strong> 2 Einzelbetten 70\/80 cm<\/li><li><i class=\"fas fa-shower\"><\/i> <strong>Badezimmer:<\/strong> Waschbecken und Dusche<\/li><li><i class=\"fas fa-toilet\"><\/i> Getrenntes WC<\/li><li><i class=\"fas fa-sun\"><\/i> <strong>Au\u00dfenseite:<\/strong> Terrasse<\/li><li><i class=\"fas fa-blanket\"><\/i> Bettw\u00e4sche<strong>:<\/strong> Kopfkissen \/ Bettdecken zur Verf\u00fcgung gestellt M\u00f6glichkeit, Bettw\u00e4sche und Handt\u00fccher zu mieten<\/li><\/ul>\n\n\n\n<div class=\"wp-container-69f56ccb91ee7 wp-block-buttons\">\n<div class=\"wp-block-button is-style-fill btn_galerie\"><a class=\"wp-block-button__link\" href=\"https:\/\/www.campingdecruas.com\/wp-content\/uploads\/2026\/01\/TARIFS-MH-3CH-2026.pdf\"><i class=\"fas fa-tags\"><\/i> Preise entdecken<\/a><\/div>\n\n\n\n<div class=\"wp-block-button is-style-fill btn_galerie\"><a class=\"wp-block-button__link\" href=\"tel:+33475001356\"><i class=\"fas fa-phone\"><\/i>  Telefonisch buchen<\/a><\/div>\n\n\n\n<div class=\"wp-block-button is-style-fill btn_galerie\"><a class=\"wp-block-button__link\" href=\"https:\/\/www.campingdecruas.com\/wp-content\/uploads\/2024\/04\/inventaire-MH-3-chambres.pdf\" target=\"_blank\" rel=\"noreferrer noopener\">Inventar<\/a><\/div>\n<\/div>\n\n\n\n<ul class=\"pictos col-3\"><li><i class=\"fas fa-refrigerator\"><\/i>  K\u00fchlschrank <em>Gefrierschrank<\/em><\/li><li><i class=\"fas fa-snowflake\"><\/i>  Klimaanlage<\/li><li><i class=\"fas fa-microwave\"><\/i>  Mikrowelle<\/li><li><i class=\"fas fa-coffee-beans\"><\/i>  Kaffeemaschine<\/li><li><i class=\"fas fa-cauldron\"><\/i>  Kochgeschirr<\/li><li><i class=\"fas fa-utensils\"><\/i>  Besteck<\/li><\/ul>\n<\/div>\n\n\n\n<div class=\"wp-block-column\">\n<figure class=\"wp-block-gallery has-nested-images columns-default is-cropped diaporama--1\">\n<figure class=\"wp-block-image size-large\"><img width=\"1440\" height=\"1080\" src=\"https:\/\/www.campingdecruas.com\/wp-content\/uploads\/2023\/03\/344-hebergement-received-552192779540167-1920x1080-1.jpeg\" alt=\"mobil-home confort nature\" class=\"wp-image-941\" srcset=\"https:\/\/www.campingdecruas.com\/wp-content\/uploads\/2023\/03\/344-hebergement-received-552192779540167-1920x1080-1.jpeg 1440w, https:\/\/www.campingdecruas.com\/wp-content\/uploads\/2023\/03\/344-hebergement-received-552192779540167-1920x1080-1-300x225.jpeg 300w, https:\/\/www.campingdecruas.com\/wp-content\/uploads\/2023\/03\/344-hebergement-received-552192779540167-1920x1080-1-1024x768.jpeg 1024w, https:\/\/www.campingdecruas.com\/wp-content\/uploads\/2023\/03\/344-hebergement-received-552192779540167-1920x1080-1-768x576.jpeg 768w\" sizes=\"(max-width: 1440px) 100vw, 1440px\" \/><\/figure>\n\n\n\n<figure class=\"wp-block-image size-large\"><img width=\"1440\" height=\"1080\" src=\"https:\/\/www.campingdecruas.com\/wp-content\/uploads\/2023\/03\/347-hebergement-received-314569800416204-1920x1080-1.jpeg\" alt=\"table terrasse Ard\u00e8che\" class=\"wp-image-938\" srcset=\"https:\/\/www.campingdecruas.com\/wp-content\/uploads\/2023\/03\/347-hebergement-received-314569800416204-1920x1080-1.jpeg 1440w, https:\/\/www.campingdecruas.com\/wp-content\/uploads\/2023\/03\/347-hebergement-received-314569800416204-1920x1080-1-300x225.jpeg 300w, https:\/\/www.campingdecruas.com\/wp-content\/uploads\/2023\/03\/347-hebergement-received-314569800416204-1920x1080-1-1024x768.jpeg 1024w, https:\/\/www.campingdecruas.com\/wp-content\/uploads\/2023\/03\/347-hebergement-received-314569800416204-1920x1080-1-768x576.jpeg 768w\" sizes=\"(max-width: 1440px) 100vw, 1440px\" \/><\/figure>\n\n\n\n<figure class=\"wp-block-image size-large\"><img width=\"1440\" height=\"1080\" src=\"https:\/\/www.campingdecruas.com\/wp-content\/uploads\/2023\/03\/350-hebergement-received-387998782857286-1920x1080-1.jpeg\" alt=\"baie vitr\u00e9e mobil-home Cruas\" class=\"wp-image-929\" srcset=\"https:\/\/www.campingdecruas.com\/wp-content\/uploads\/2023\/03\/350-hebergement-received-387998782857286-1920x1080-1.jpeg 1440w, https:\/\/www.campingdecruas.com\/wp-content\/uploads\/2023\/03\/350-hebergement-received-387998782857286-1920x1080-1-300x225.jpeg 300w, https:\/\/www.campingdecruas.com\/wp-content\/uploads\/2023\/03\/350-hebergement-received-387998782857286-1920x1080-1-1024x768.jpeg 1024w, https:\/\/www.campingdecruas.com\/wp-content\/uploads\/2023\/03\/350-hebergement-received-387998782857286-1920x1080-1-768x576.jpeg 768w\" sizes=\"(max-width: 1440px) 100vw, 1440px\" \/><\/figure>\n\n\n\n<figure class=\"wp-block-image size-large\"><img width=\"1618\" height=\"1080\" src=\"https:\/\/www.campingdecruas.com\/wp-content\/uploads\/2023\/03\/242-hebergement-mobil-home-3-chambres-1920x1080-1.jpg\" alt=\"salon mobil-home Ard\u00e8che 3 chambres\" class=\"wp-image-935\" srcset=\"https:\/\/www.campingdecruas.com\/wp-content\/uploads\/2023\/03\/242-hebergement-mobil-home-3-chambres-1920x1080-1.jpg 1618w, https:\/\/www.campingdecruas.com\/wp-content\/uploads\/2023\/03\/242-hebergement-mobil-home-3-chambres-1920x1080-1-300x200.jpg 300w, https:\/\/www.campingdecruas.com\/wp-content\/uploads\/2023\/03\/242-hebergement-mobil-home-3-chambres-1920x1080-1-1024x684.jpg 1024w, https:\/\/www.campingdecruas.com\/wp-content\/uploads\/2023\/03\/242-hebergement-mobil-home-3-chambres-1920x1080-1-768x513.jpg 768w, https:\/\/www.campingdecruas.com\/wp-content\/uploads\/2023\/03\/242-hebergement-mobil-home-3-chambres-1920x1080-1-1536x1025.jpg 1536w\" sizes=\"(max-width: 1618px) 100vw, 1618px\" \/><\/figure>\n\n\n\n<figure class=\"wp-block-image size-large\"><img width=\"1440\" height=\"1080\" src=\"https:\/\/www.campingdecruas.com\/wp-content\/uploads\/2023\/03\/352-hebergement-received-261917035585101-1920x1080-1.jpeg\" alt=\"Cuisine mobil-home Ard\u00e8che 3 chambres\" class=\"wp-image-926\" srcset=\"https:\/\/www.campingdecruas.com\/wp-content\/uploads\/2023\/03\/352-hebergement-received-261917035585101-1920x1080-1.jpeg 1440w, https:\/\/www.campingdecruas.com\/wp-content\/uploads\/2023\/03\/352-hebergement-received-261917035585101-1920x1080-1-300x225.jpeg 300w, https:\/\/www.campingdecruas.com\/wp-content\/uploads\/2023\/03\/352-hebergement-received-261917035585101-1920x1080-1-1024x768.jpeg 1024w, https:\/\/www.campingdecruas.com\/wp-content\/uploads\/2023\/03\/352-hebergement-received-261917035585101-1920x1080-1-768x576.jpeg 768w\" sizes=\"(max-width: 1440px) 100vw, 1440px\" \/><\/figure>\n\n\n\n<figure class=\"wp-block-image size-large\"><img width=\"1440\" height=\"1080\" src=\"https:\/\/www.campingdecruas.com\/wp-content\/uploads\/2023\/03\/349-hebergement-received-206748068166295-1920x1080-1.jpeg\" alt=\"chambre enfants mobil-home Cruas\" class=\"wp-image-932\" srcset=\"https:\/\/www.campingdecruas.com\/wp-content\/uploads\/2023\/03\/349-hebergement-received-206748068166295-1920x1080-1.jpeg 1440w, https:\/\/www.campingdecruas.com\/wp-content\/uploads\/2023\/03\/349-hebergement-received-206748068166295-1920x1080-1-300x225.jpeg 300w, https:\/\/www.campingdecruas.com\/wp-content\/uploads\/2023\/03\/349-hebergement-received-206748068166295-1920x1080-1-1024x768.jpeg 1024w, https:\/\/www.campingdecruas.com\/wp-content\/uploads\/2023\/03\/349-hebergement-received-206748068166295-1920x1080-1-768x576.jpeg 768w\" sizes=\"(max-width: 1440px) 100vw, 1440px\" \/><\/figure>\n<\/figure>\n\n\n\n<p>*Fotos nicht vertraglich bindend<\/p>\n<\/div>\n<\/div>\n\n\n\n<div class=\"wp-container-69f56ccb9242e wp-block-group alignfull has-jaune-background-color has-background\">\n<h2 class=\"has-bleu-fonce-color has-text-color\" id=\"en-options\">In Optionen<\/h2>\n\n\n\n<ul class=\"pictos\"><li><span style=\"color: initial;\"><i class=\"fas fa-baby\"><\/i>  Babybett<\/span><\/li><li><i class=\"fas fa-blanket\"><\/i>  Bettw\u00e4sche<\/li><li><i class=\"fas fa-broom\"><\/i>  Haushalt<\/li><li><i class=\"fas fa-tv\"><\/i>  TV<\/li><\/ul>\n<\/div>\n","protected":false},"excerpt":{"rendered":"<p>Mobilheim 3 Schlafzimmer Zur\u00fcck zu den Vermietungen Ausf\u00fchrliche Beschreibung Wohnzimmerecke : Mit Sitzbank, Tisch und St\u00fchlen K\u00fcche: Eingerichtet mit 4 Gaskochstellen, 1 K\u00fchlschrank, 1 Mikrowelle, 1 Kaffeemaschine, allen K\u00fcchenutensilien und Geschirr f\u00fcr 4\/6 Personen. Zimmer 1: Doppelbett 140 cm Schlafzimmer 2: 2 Einzelbetten 70\/80 cm Schlafzimmer 3: 2 Einzelbetten 70\/80 cm Badezimmer: Waschbecken und Dusche [&hellip;]<\/p>\n","protected":false},"author":1,"featured_media":0,"parent":1188,"menu_order":0,"comment_status":"closed","ping_status":"closed","template":"","meta":[],"acf":[],"_links":{"self":[{"href":"https:\/\/www.campingdecruas.com\/de\/wp-json\/wp\/v2\/pages\/1208"}],"collection":[{"href":"https:\/\/www.campingdecruas.com\/de\/wp-json\/wp\/v2\/pages"}],"about":[{"href":"https:\/\/www.campingdecruas.com\/de\/wp-json\/wp\/v2\/types\/page"}],"author":[{"embeddable":true,"href":"https:\/\/www.campingdecruas.com\/de\/wp-json\/wp\/v2\/users\/1"}],"replies":[{"embeddable":true,"href":"https:\/\/www.campingdecruas.com\/de\/wp-json\/wp\/v2\/comments?post=1208"}],"version-history":[{"count":6,"href":"https:\/\/www.campingdecruas.com\/de\/wp-json\/wp\/v2\/pages\/1208\/revisions"}],"predecessor-version":[{"id":2809,"href":"https:\/\/www.campingdecruas.com\/de\/wp-json\/wp\/v2\/pages\/1208\/revisions\/2809"}],"up":[{"embeddable":true,"href":"https:\/\/www.campingdecruas.com\/de\/wp-json\/wp\/v2\/pages\/1188"}],"wp:attachment":[{"href":"https:\/\/www.campingdecruas.com\/de\/wp-json\/wp\/v2\/media?parent=1208"}],"curies":[{"name":"wp","href":"https:\/\/api.w.org\/{rel}","templated":true}]}}