{"id":1127,"date":"2023-04-18T14:21:10","date_gmt":"2023-04-18T12:21:10","guid":{"rendered":"https:\/\/www.campingdecruas.com\/startseite\/"},"modified":"2025-09-18T10:09:18","modified_gmt":"2025-09-18T08:09:18","slug":"startseite","status":"publish","type":"page","link":"https:\/\/www.campingdecruas.com\/de\/","title":{"rendered":"Startseite"},"content":{"rendered":"\n<div class=\"wp-block-cover alignfull\"><span aria-hidden=\"true\" class=\"has-background-dim-0 wp-block-cover__gradient-background has-background-dim\"><\/span><img width=\"1800\" height=\"925\" class=\"wp-block-cover__image-background wp-image-556\" alt=\"Accueil camping Harmony\" src=\"https:\/\/www.campingdecruas.com\/wp-content\/uploads\/2023\/03\/253-editeur_page_bloc_element-vue-camping-lac-1800x925-1.jpg\" style=\"object-position:50% 25%\" data-object-fit=\"cover\" data-object-position=\"50% 25%\" srcset=\"https:\/\/www.campingdecruas.com\/wp-content\/uploads\/2023\/03\/253-editeur_page_bloc_element-vue-camping-lac-1800x925-1.jpg 1800w, https:\/\/www.campingdecruas.com\/wp-content\/uploads\/2023\/03\/253-editeur_page_bloc_element-vue-camping-lac-1800x925-1-300x154.jpg 300w, https:\/\/www.campingdecruas.com\/wp-content\/uploads\/2023\/03\/253-editeur_page_bloc_element-vue-camping-lac-1800x925-1-1024x526.jpg 1024w, https:\/\/www.campingdecruas.com\/wp-content\/uploads\/2023\/03\/253-editeur_page_bloc_element-vue-camping-lac-1800x925-1-768x395.jpg 768w, https:\/\/www.campingdecruas.com\/wp-content\/uploads\/2023\/03\/253-editeur_page_bloc_element-vue-camping-lac-1800x925-1-1536x789.jpg 1536w\" sizes=\"(max-width: 1800px) 100vw, 1800px\" \/><div class=\"wp-block-cover__inner-container\">\n<div class=\"wp-container-69ef405bd5870 wp-block-buttons\">\n<div class=\"wp-block-button\"><a class=\"wp-block-button__link has-bleu-fonce-color has-jaune-background-color has-text-color has-background\" href=\"https:\/\/www.campingdecruas.com\/de\/kontakt\/\"><i class=\"fas fa-calendar\"><\/i> Buchungsanfrage<\/a><\/div>\n<\/div>\n<\/div><\/div>\n\n\n\n<h1 class=\"alignfull has-text-align-center has-blanc-color has-bleu-fonce-background-color has-text-color has-background\" id=\"camping-harmony-vacances-nature-et-cyclotourisme-en-ardeche\"><strong>Campingplatz Harmony<\/strong> <em>Campingurlaub am Fluss in der Ard\u00e8che in Cruas<\/em><\/h1>\n\n\n\n<div class=\"wp-block-media-text alignfull has-media-on-the-right is-stacked-on-mobile is-image-fill H-05 has-bleu-fonce-background-color has-background\"><figure class=\"wp-block-media-text__media\" style=\"background-image:url(https:\/\/www.campingdecruas.com\/wp-content\/uploads\/2023\/03\/216-galerie-allee-lac-1024x683.jpg);background-position:25% 50%\"><img width=\"1024\" height=\"683\" src=\"https:\/\/www.campingdecruas.com\/wp-content\/uploads\/2023\/03\/216-galerie-allee-lac-1024x683.jpg\" alt=\"Camping bord de lac Ard\u00e8che\" class=\"wp-image-635 size-full\" srcset=\"https:\/\/www.campingdecruas.com\/wp-content\/uploads\/2023\/03\/216-galerie-allee-lac-1024x683.jpg 1024w, https:\/\/www.campingdecruas.com\/wp-content\/uploads\/2023\/03\/216-galerie-allee-lac-300x200.jpg 300w, https:\/\/www.campingdecruas.com\/wp-content\/uploads\/2023\/03\/216-galerie-allee-lac-768x512.jpg 768w, https:\/\/www.campingdecruas.com\/wp-content\/uploads\/2023\/03\/216-galerie-allee-lac-1536x1025.jpg 1536w, https:\/\/www.campingdecruas.com\/wp-content\/uploads\/2023\/03\/216-galerie-allee-lac.jpg 1920w\" sizes=\"(max-width: 1024px) 100vw, 1024px\" \/><\/figure><div class=\"wp-block-media-text__content\">\n<h2 class=\"fleur\" id=\"une-situation-ideale-sur-la-viarhona\">Eine ideale Lage <em>direkt am Flussufer in der N\u00e4he unseres Campingplatzes in Cruas<\/em><\/h2>\n\n\n\n<ul class=\"pictos\"><li><i class=\"fas fa-road\"><\/i> <strong>Leicht erreichbar<\/strong> <em>von den Autobahnen<\/em><\/li><li><i class=\"fas fa-door-open\"><\/i> <strong>Das ganze Jahr \u00fcber ge\u00f6ffnet<\/strong> <em>auch in der Nebensaison<\/em><\/li><\/ul>\n\n\n\n<p>Liebhaber von Familien- und Geselligkeitsferien, guten regionalen Gerichten, Ruhe und <strong>Fahrradtouren<\/strong> durch wundersch\u00f6ne Landschaften: Entdecken Sie unseren <strong>Campingplatz am Fluss in Ard\u00e8che<\/strong> ! Am Rande der Dr\u00f4me Proven\u00e7ale, ideal gelegen zwischen <strong><a href=\"https:\/\/www.campingdecruas.com\/de\/alentours\/campingurlaub-in-frankreich-in-der-naehe-von-valence\/\">Valence <\/a><\/strong>und <strong><a href=\"https:\/\/www.campingdecruas.com\/de\/alentours\/montelimar-entdecken-ein-ausflug-vom-camping-harmony-in-cruas\/\" data-type=\"URL\" data-id=\"https:\/\/www.campingdecruas.com\/de\/alentours\/montelimar-entdecken-ein-ausflug-vom-camping-harmony-in-cruas\/\">Mont\u00e9limar<\/a><\/strong>, am Ufer eines Sees (Angelfreunde, hallo!) und am rechten Ufer der Rh\u00f4ne, tr\u00e4gt der <strong>Campingplatz Harmony *** <\/strong>mit 105 stellpl\u00e4tze seinen Namen zu Recht: Er ist der perfekte Ort, um sich in Harmonie mit der Natur wieder zu verbinden!<\/p>\n\n\n\n<div class=\"wp-block-group lire-plus-mobile\"><div class=\"wp-block-group__inner-container\">\n<p>Lesen Sie mehr<\/p>\n\n\n\n<div class=\"wp-container-69ef405bd5cd7 wp-block-group\"><div class=\"wp-block-group__inner-container\">\n<p>Machen Sie einen Spaziergang entlang der ber\u00fchmten ViaRh\u00f4na, <a href=\"https:\/\/www.campingdecruas.com\/de\/umgebung\/\" data-type=\"page\" data-id=\"1143\">besuchen Sie typische D\u00f6rfer<\/a> mit reicher Geschichte, schlendern Sie <strong>durch den Jachthafen von Cruas<\/strong> und finden Sie am Abend den Komfort Ihres Campingplatzes wieder. Ein erfrischendes Bad im Pool, ein gutes, hausgemachtes Gourmetgericht im Restaurant l&#8217;Eden, das s\u00fc\u00dfe Leben einer Abendunterhaltung: Das ist ein Urlaubstag, wie man ihn sich w\u00fcnscht!<\/p>\n<\/div><\/div>\n<\/div><\/div>\n\n\n\n<div class=\"wp-block-group encart-information\"><div class=\"wp-block-group__inner-container\">\n<p><strong>Bei uns ist es bei Ihnen!<\/strong> Unsere liebevolle Familie hei\u00dft Sie das ganze Jahr \u00fcber auf ihrem geheimen, garten\u00e4hnlichen Campingplatz willkommen ..<\/p>\n\n\n\n<p id=\"tw-target-rmn\"><strong>Hochsaison:<\/strong> Telefonischer oder physischer empfang t\u00e4glich von 9.00 bis 19.30 Uhr.  Der Rest der Zeit ? Wir sind bei Ihnen vor Ort, um Ihnen unsere gute Laune am <strong>Table de l&#8217;EdeN<\/strong> vor einem von unserem K\u00fcchenchef zubereiteten hausgemachten Gericht weiterzugeben oder Sie unsere Biwaks oder unsere Kokosnusss\u00fc\u00dfigkeiten rund um eine Reiseanekdote entdecken zu lassen!<\/p>\n\n\n\n<p><strong>La Table de l&#8217;Eden<\/strong> hei\u00dft Sie vom April bis September willkommen.<\/p>\n\n\n\n<p>Immer da und bereit, Ihren Aufenthalt angenehm zu gestalten, rufen Sie uns unter <strong>04.75.00.13.56<\/strong> an und wir k\u00fcmmern uns um Sie!<\/p>\n\n\n\n<p><strong>Nebensaison (Oktober bis April):<\/strong> Telefonischer oder physischer empfang t\u00e4glich von 10.00 bis 18.00 Uhr.<\/p>\n<\/div><\/div>\n\n\n\n<div class=\"wp-container-69ef405bd6116 wp-block-buttons\">\n<div class=\"wp-block-button\"><a class=\"wp-block-button__link\" href=\"https:\/\/www.campingdecruas.com\/wp-content\/uploads\/2025\/01\/tarifs-2025-site.pdf\" target=\"_blank\" rel=\"noreferrer noopener\"><i class=\"fas fa-tags\"><\/i> Tarife<\/a><\/div>\n\n\n\n<div class=\"wp-block-button\"><a class=\"wp-block-button__link\" href=\"https:\/\/www.campingdecruas.com\/wp-content\/uploads\/2024\/03\/Plan-harmony-camping-2024.pdf\" target=\"_blank\" rel=\"noreferrer noopener\"><i class=\"fas fa-map\"><\/i> Plan des Campingplatzes<\/a><\/div>\n<\/div>\n<\/div><\/div>\n\n\n\n<div class=\"wp-block-columns H-10\">\n<div class=\"wp-block-column is-vertically-aligned-top card has-bleu-clair-background-color has-background\">\n<figure class=\"wp-block-image size-large\"><img width=\"1024\" height=\"526\" src=\"https:\/\/www.campingdecruas.com\/wp-content\/uploads\/2023\/03\/239-editeur_page_bloc_element-allee-velo-1800x925-1-1024x526.jpg\" alt=\"cycliste ard\u00e8che Harmony\" class=\"wp-image-569\" srcset=\"https:\/\/www.campingdecruas.com\/wp-content\/uploads\/2023\/03\/239-editeur_page_bloc_element-allee-velo-1800x925-1-1024x526.jpg 1024w, https:\/\/www.campingdecruas.com\/wp-content\/uploads\/2023\/03\/239-editeur_page_bloc_element-allee-velo-1800x925-1-300x154.jpg 300w, https:\/\/www.campingdecruas.com\/wp-content\/uploads\/2023\/03\/239-editeur_page_bloc_element-allee-velo-1800x925-1-768x395.jpg 768w, https:\/\/www.campingdecruas.com\/wp-content\/uploads\/2023\/03\/239-editeur_page_bloc_element-allee-velo-1800x925-1-1536x789.jpg 1536w, https:\/\/www.campingdecruas.com\/wp-content\/uploads\/2023\/03\/239-editeur_page_bloc_element-allee-velo-1800x925-1.jpg 1800w\" sizes=\"(max-width: 1024px) 100vw, 1024px\" \/><\/figure>\n\n\n\n<p class=\"has-text-align-center h3 has-bleu-fonce-color has-text-color\" id=\"actualites-promotions\">Aktuelles &amp; Sonderangebote<\/p>\n\n\n\n<p class=\"has-text-align-center\">Entdecken Sie unser neues Angebot f\u00fcr Ihren Urlaub von Juli bis August !<\/p>\n\n\n\n<div class=\"wp-block-group lire-plus-pc\"><div class=\"wp-block-group__inner-container\">\n<p class=\"has-text-align-center\">Lesen Sie mehr<\/p>\n\n\n\n<div class=\"wp-container-69ef405bd657f wp-block-group\"><div class=\"wp-block-group__inner-container\">\n<p class=\"has-text-align-center\">Lassen Sie sich von der Abwechslung unserer sch\u00f6nen Region einfangen, in unserer Oase des Friedens am Rande des Sees und der Via Rh\u00f4na.<\/p>\n\n\n\n<p class=\"has-text-align-center\">Ihr Campingplatz bietet Ihnen -50% f\u00fcr jede zus\u00e4tzliche Nacht bei einem Aufenthalt von 6 oder mehr N\u00e4chten.<\/p>\n\n\n\n<p class=\"has-text-align-center\">F\u00fcr weitere Informationen kontaktieren Sie uns bitte unter 04.75.00.13.56!<\/p>\n\n\n\n<p class=\"has-text-align-center\">Wir freuen uns, Sie begr\u00fc\u00dfen zu d\u00fcrfen!<\/p>\n<\/div><\/div>\n<\/div><\/div>\n<\/div>\n\n\n\n<div class=\"wp-block-column is-vertically-aligned-top card has-bleu-clair-background-color has-background\">\n<figure class=\"wp-block-image size-large\"><img width=\"1024\" height=\"526\" src=\"https:\/\/www.campingdecruas.com\/wp-content\/uploads\/2023\/03\/222-editeur_page_bloc_element-reception-1800x925-1-1024x526.jpg\" alt=\"eingang camping Harmony\" class=\"wp-image-572\" srcset=\"https:\/\/www.campingdecruas.com\/wp-content\/uploads\/2023\/03\/222-editeur_page_bloc_element-reception-1800x925-1-1024x526.jpg 1024w, https:\/\/www.campingdecruas.com\/wp-content\/uploads\/2023\/03\/222-editeur_page_bloc_element-reception-1800x925-1-300x154.jpg 300w, https:\/\/www.campingdecruas.com\/wp-content\/uploads\/2023\/03\/222-editeur_page_bloc_element-reception-1800x925-1-768x395.jpg 768w, https:\/\/www.campingdecruas.com\/wp-content\/uploads\/2023\/03\/222-editeur_page_bloc_element-reception-1800x925-1-1536x789.jpg 1536w, https:\/\/www.campingdecruas.com\/wp-content\/uploads\/2023\/03\/222-editeur_page_bloc_element-reception-1800x925-1.jpg 1800w\" sizes=\"(max-width: 1024px) 100vw, 1024px\" \/><\/figure>\n\n\n\n<p class=\"has-text-align-center h3 has-bleu-fonce-color has-text-color\" id=\"actualites-promotions\">Early booking<\/p>\n\n\n\n<p class=\"has-text-align-center\">-10% auf alle Sommerbuchungen, die vor dem 30. April get\u00e4tigt werden<\/p>\n\n\n\n<div class=\"wp-block-group lire-plus-pc\"><div class=\"wp-block-group__inner-container\">\n<p class=\"has-text-align-center\">Lesen Sie mehr<\/p>\n\n\n\n<div class=\"wp-container-69ef405bd69d1 wp-block-group\"><div class=\"wp-block-group__inner-container\">\n<p class=\"has-text-align-center\">Machen Sie sich den Kopf frei, indem Sie jetzt Ihren n\u00e4chsten Urlaub buchen und gleichzeitig von unserem EARLY BOOKING-Angebot profitieren!<\/p>\n\n\n\n<p class=\"has-text-align-center\">&#8211; 10% auf alle Buchungen zwischen Juli und August, ab 5 N\u00e4chten<\/p>\n\n\n\n<p class=\"has-text-align-center\">Dieses Angebot ist bis zum 31. April g\u00fcltig, also warte nicht zu lange!  <\/p>\n\n\n\n<p class=\"has-text-align-center\">Z\u00f6gern Sie nicht und verbringen Sie einen erholsamen Urlaub in einer harmonischen Umgebung.<\/p>\n<\/div><\/div>\n<\/div><\/div>\n<\/div>\n\n\n\n<div class=\"wp-block-column is-vertically-aligned-center\">\n<h2 class=\"petale has-bleu-fonce-color has-text-color\" id=\"promotions-et-nouveautes\">Sonderangebote und Neuheiten <em>Campingplatz am Flussufer in der Ard\u00e8che in Cruas<\/em><\/h2>\n\n\n\n<p>Da auf Ihrem <strong>Harmony-Campingplatz in Cruas<\/strong> immer etwas los ist, werden in diesem Abschnitt alle Neuigkeiten und wichtigen Termine aufgelistet, damit Sie Ihren Urlaub besser planen k\u00f6nnen! Gute Tipps, Ausfl\u00fcge, Sonderangebote, Feste auf dem Campingplatz und in der Umgebung von <strong><a href=\"https:\/\/www.campingdecruas.com\/de\/alentours\/cruas\/\">Cruas<\/a><\/strong>: Hier erfahren Sie alles!<\/p>\n<\/div>\n<\/div>\n\n\n\n<div class=\"wp-block-media-text alignfull has-media-on-the-right is-stacked-on-mobile is-image-fill H-15 has-bleu-fonce-background-color has-background\"><figure class=\"wp-block-media-text__media\" style=\"background-image:url(https:\/\/www.campingdecruas.com\/wp-content\/uploads\/2023\/03\/342-hebergement-coco-exterieur3-1800x925-1-1024x526.jpg);background-position:50% 100%\"><img width=\"1024\" height=\"526\" src=\"https:\/\/www.campingdecruas.com\/wp-content\/uploads\/2023\/03\/342-hebergement-coco-exterieur3-1800x925-1-1024x526.jpg\" alt=\"tente am\u00e9nag\u00e9e cruas\" class=\"wp-image-590 size-full\" srcset=\"https:\/\/www.campingdecruas.com\/wp-content\/uploads\/2023\/03\/342-hebergement-coco-exterieur3-1800x925-1-1024x526.jpg 1024w, https:\/\/www.campingdecruas.com\/wp-content\/uploads\/2023\/03\/342-hebergement-coco-exterieur3-1800x925-1-300x154.jpg 300w, https:\/\/www.campingdecruas.com\/wp-content\/uploads\/2023\/03\/342-hebergement-coco-exterieur3-1800x925-1-768x395.jpg 768w, https:\/\/www.campingdecruas.com\/wp-content\/uploads\/2023\/03\/342-hebergement-coco-exterieur3-1800x925-1-1536x789.jpg 1536w, https:\/\/www.campingdecruas.com\/wp-content\/uploads\/2023\/03\/342-hebergement-coco-exterieur3-1800x925-1.jpg 1800w\" sizes=\"(max-width: 1024px) 100vw, 1024px\" \/><\/figure><div class=\"wp-block-media-text__content\">\n<h2 class=\"fleur\" id=\"une-situation-ideale-sur-la-viarhona\">Auf unserem Campingplatz in der Ard\u00e8che <em>Schritt machen<\/em><\/h2>\n\n\n\n<p>Brauchen Sie eine Pause von Ihren <strong>Abenteuern in der Ard\u00e8che<\/strong>? Unser Campingplatz bietet alles, was Sie brauchen, um sich zu erholen!<\/p>\n\n\n\n<ul class=\"pictos col-2\"><li><i class=\"fas fa-toolbox\"><\/i> <strong>Reparatur <\/strong><em>Fahrrad in Cruas<\/em><\/li><li><i class=\"fas fa-person-biking\"><\/i> <strong>Spazierg\u00e4nge<\/strong> <em>Radfahren<\/em><\/li><li><i class=\"fas fa-spa\"><\/i> <strong>Aktivit\u00e4ten<\/strong> <em>Entspannung<\/em><\/li><li><i class=\"fas fa-calendar-pen\"><\/i> <strong>Flexibilit\u00e4t<\/strong> <em>der Buchung<\/em><\/li><\/ul>\n\n\n\n<div class=\"wp-container-69ef405bd6e31 wp-block-buttons\">\n<div class=\"wp-block-button\"><a class=\"wp-block-button__link\" href=\"https:\/\/www.campingdecruas.com\/etape\/\"><i class=\"fas fa-scribble\"><\/i>  Entdecken Sie die Schritte<\/a><\/div>\n<\/div>\n<\/div><\/div>\n\n\n\n<div class=\"wp-block-media-text alignfull is-stacked-on-mobile is-image-fill H-20 has-jaune-background-color has-background\"><figure class=\"wp-block-media-text__media\" style=\"background-image:url(https:\/\/www.campingdecruas.com\/wp-content\/uploads\/2023\/03\/184-editeur_page_bloc_element-location-1800x725-1-1024x412.jpg);background-position:10% 50%\"><img width=\"1024\" height=\"412\" src=\"https:\/\/www.campingdecruas.com\/wp-content\/uploads\/2023\/03\/184-editeur_page_bloc_element-location-1800x725-1-1024x412.jpg\" alt=\"famille mobil-home ard\u00e8che\" class=\"wp-image-584 size-full\" srcset=\"https:\/\/www.campingdecruas.com\/wp-content\/uploads\/2023\/03\/184-editeur_page_bloc_element-location-1800x725-1-1024x412.jpg 1024w, https:\/\/www.campingdecruas.com\/wp-content\/uploads\/2023\/03\/184-editeur_page_bloc_element-location-1800x725-1-300x121.jpg 300w, https:\/\/www.campingdecruas.com\/wp-content\/uploads\/2023\/03\/184-editeur_page_bloc_element-location-1800x725-1-768x309.jpg 768w, https:\/\/www.campingdecruas.com\/wp-content\/uploads\/2023\/03\/184-editeur_page_bloc_element-location-1800x725-1-1536x619.jpg 1536w, https:\/\/www.campingdecruas.com\/wp-content\/uploads\/2023\/03\/184-editeur_page_bloc_element-location-1800x725-1.jpg 1800w\" sizes=\"(max-width: 1024px) 100vw, 1024px\" \/><\/figure><div class=\"wp-block-media-text__content\">\n<h2 class=\"petale-vert has-bleu-fonce-color has-text-color\" id=\"une-situation-ideale-sur-la-viarhona\">Idealer Aufenthalt <em>in Frankreich am Fluss<\/em><\/h2>\n\n\n\n<p><strong>Genie\u00dfen Sie die Ard\u00e8che ganz entspannt auf dem Campingplatz Harmony<\/strong>. Wir setzen alles daran, dass Sie die Region gelassen genie\u00dfen k\u00f6nnen. Wenn Sie auf unserem <strong>Campingplatz in Cruas<\/strong> \u00fcbernachten, haben Sie Zugang zu zahlreichen Ausgangspunkten f\u00fcr <a href=\"https:\/\/www.campingdecruas.com\/de\/alentours\/wandern-in-der-ardeche\/\" data-type=\"URL\" data-id=\"https:\/\/www.campingdecruas.com\/de\/alentours\/wandern-in-der-ardeche\/\">Wanderungen <\/a>und Radtouren.  <br>F\u00fcr diejenigen, die sich mehr Ruhe w\u00fcnschen, warten <a href=\"https:\/\/www.campingdecruas.com\/de\/schwimmbad-camping-ardeche\/\">unser Schwimmbad<\/a> und unsere Liegest\u00fchle auf Sie. Und f\u00fcr Angelfreunde h\u00e4lt die Rh\u00f4ne mit ihren zahlreichen Spots die Arme f\u00fcr Sie bereit.<\/p>\n\n\n\n<ul class=\"pictos col-2\"><li><i class=\"fas fa-bicycle\"><\/i> <strong>Verleih<\/strong> <em>Fahrrad im sommer<\/em><\/li><li><i class=\"fas fa-lightbulb\"><\/i> <strong>Ideen<\/strong> <em>Aufenthalte<\/em><\/li><li><i class=\"fas fa-shop\"><\/i> <strong>Dienstleistungen<\/strong> <em>vor Ort<\/em><\/li><li><i class=\"fas fa-ballot-check\"><\/i> <strong>Aktivit\u00e4ten<\/strong> <em>rund um den Campingplatz<\/em><\/li><\/ul>\n<\/div><\/div>\n\n\n\n<div class=\"wp-block-cover alignfull\"><span aria-hidden=\"true\" class=\"wp-block-cover__gradient-background has-background-dim\"><\/span><img width=\"1800\" height=\"725\" class=\"wp-block-cover__image-background wp-image-575\" alt=\"caravane camping ard\u00e8che harmony cruas\" src=\"https:\/\/www.campingdecruas.com\/wp-content\/uploads\/2023\/03\/248-editeur_page_bloc_element-emplacement-camping-1800x725-1.jpg\" data-object-fit=\"cover\" srcset=\"https:\/\/www.campingdecruas.com\/wp-content\/uploads\/2023\/03\/248-editeur_page_bloc_element-emplacement-camping-1800x725-1.jpg 1800w, https:\/\/www.campingdecruas.com\/wp-content\/uploads\/2023\/03\/248-editeur_page_bloc_element-emplacement-camping-1800x725-1-300x121.jpg 300w, https:\/\/www.campingdecruas.com\/wp-content\/uploads\/2023\/03\/248-editeur_page_bloc_element-emplacement-camping-1800x725-1-1024x412.jpg 1024w, https:\/\/www.campingdecruas.com\/wp-content\/uploads\/2023\/03\/248-editeur_page_bloc_element-emplacement-camping-1800x725-1-768x309.jpg 768w, https:\/\/www.campingdecruas.com\/wp-content\/uploads\/2023\/03\/248-editeur_page_bloc_element-emplacement-camping-1800x725-1-1536x619.jpg 1536w\" sizes=\"(max-width: 1800px) 100vw, 1800px\" \/><div class=\"wp-block-cover__inner-container\">\n<p class=\"has-text-align-center has-large-font-size\"><\/p>\n<\/div><\/div>\n\n\n\n<div class=\"wp-block-media-text alignfull has-media-on-the-right is-stacked-on-mobile is-image-fill H-25\"><figure class=\"wp-block-media-text__media\" style=\"background-image:url(https:\/\/www.campingdecruas.com\/wp-content\/uploads\/2023\/03\/218-editeur_page_bloc_element-sanitaires-1800x925-1-1024x526.jpg);background-position:50% 50%\"><img width=\"1024\" height=\"526\" src=\"https:\/\/www.campingdecruas.com\/wp-content\/uploads\/2023\/03\/218-editeur_page_bloc_element-sanitaires-1800x925-1-1024x526.jpg\" alt=\"all\u00e9e camping Harmony Ard\u00e8che \u00e0 cruas\" class=\"wp-image-587 size-full\" srcset=\"https:\/\/www.campingdecruas.com\/wp-content\/uploads\/2023\/03\/218-editeur_page_bloc_element-sanitaires-1800x925-1-1024x526.jpg 1024w, https:\/\/www.campingdecruas.com\/wp-content\/uploads\/2023\/03\/218-editeur_page_bloc_element-sanitaires-1800x925-1-300x154.jpg 300w, https:\/\/www.campingdecruas.com\/wp-content\/uploads\/2023\/03\/218-editeur_page_bloc_element-sanitaires-1800x925-1-768x395.jpg 768w, https:\/\/www.campingdecruas.com\/wp-content\/uploads\/2023\/03\/218-editeur_page_bloc_element-sanitaires-1800x925-1-1536x789.jpg 1536w, https:\/\/www.campingdecruas.com\/wp-content\/uploads\/2023\/03\/218-editeur_page_bloc_element-sanitaires-1800x925-1.jpg 1800w\" sizes=\"(max-width: 1024px) 100vw, 1024px\" \/><\/figure><div class=\"wp-block-media-text__content\">\n<h2 class=\"petale has-bleu-fonce-color has-text-color\" id=\"une-situation-ideale-sur-la-viarhona\">Unterk\u00fcnfte in Ard\u00e8che <em>f\u00fcr alle Ihre W\u00fcnsche<\/em>!<\/h2>\n\n\n\n<p>Egal, ob Sie allein, zu zweit oder mit Ihrer ganzen Familie, mit dem Auto, dem Motorrad oder dem Fahrrad <strong>in die Ard\u00e8che<\/strong> reisen: Der Campingplatz Harmony hat die richtige Unterkunft f\u00fcr Sie! M\u00f6chten Sie Ihr Haus mitbringen? Stellen Sie Ihr <strong>Zelt<\/strong>, Ihren <strong>Wohnwagen<\/strong> oder Ihr <strong>Wohnmobil<\/strong> auf einer unserer breiten, gr\u00fcnen und schattigen Parzellen auf! Reisen Sie mit leichtem Gep\u00e4ck?<\/p>\n\n\n\n<p>\u00dcbernachten Sie in Cruas in einem unserer komfortablen <strong>Mobilheime in Ardeche<\/strong> oder entdecken Sie unsere <strong>Biwaks<\/strong> auf Stelzen mit atemberaubender Aussicht und ultrapraktischem Fahrradparkplatz direkt darunter! 56 Campingpl\u00e4tze, 17 Mobilheime, 4 coco sweet und 4 Biwaks warten nur auf Sie!<\/p>\n\n\n\n<div class=\"wp-container-69ef405bd7302 wp-block-buttons\">\n<div class=\"wp-block-button\"><a class=\"wp-block-button__link\" href=\"https:\/\/www.campingdecruas.com\/de\/vermietung-mobilheime-ardeche\/\"><i class=\"fas fa-house-tree\"><\/i>  Entdecken Sie die Unterk\u00fcnfte<\/a><\/div>\n\n\n\n<div class=\"wp-block-button\"><a class=\"wp-block-button__link\" href=\"https:\/\/www.campingdecruas.com\/wp-content\/uploads\/2025\/01\/tarifs-2025-site.pdf\" target=\"_blank\" rel=\"noreferrer noopener\"><i class=\"fas fa-tags\"><\/i>  Entdecken Sie die Preise<\/a><\/div>\n<\/div>\n<\/div><\/div>\n\n\n\n<div class=\"wp-block-media-text alignfull is-stacked-on-mobile is-image-fill H-30 has-bleu-fonce-background-color has-background\"><figure class=\"wp-block-media-text__media\" style=\"background-image:url(https:\/\/www.campingdecruas.com\/wp-content\/uploads\/2023\/03\/182-editeur_page_bloc_element-terrasse-restaurant-1800x925-1-1024x526.jpg);background-position:50% 50%\"><img width=\"1024\" height=\"526\" src=\"https:\/\/www.campingdecruas.com\/wp-content\/uploads\/2023\/03\/182-editeur_page_bloc_element-terrasse-restaurant-1800x925-1-1024x526.jpg\" alt=\"restaurant Harmony Ard\u00e8che\" class=\"wp-image-578 size-full\" srcset=\"https:\/\/www.campingdecruas.com\/wp-content\/uploads\/2023\/03\/182-editeur_page_bloc_element-terrasse-restaurant-1800x925-1-1024x526.jpg 1024w, https:\/\/www.campingdecruas.com\/wp-content\/uploads\/2023\/03\/182-editeur_page_bloc_element-terrasse-restaurant-1800x925-1-300x154.jpg 300w, https:\/\/www.campingdecruas.com\/wp-content\/uploads\/2023\/03\/182-editeur_page_bloc_element-terrasse-restaurant-1800x925-1-768x395.jpg 768w, https:\/\/www.campingdecruas.com\/wp-content\/uploads\/2023\/03\/182-editeur_page_bloc_element-terrasse-restaurant-1800x925-1-1536x789.jpg 1536w, https:\/\/www.campingdecruas.com\/wp-content\/uploads\/2023\/03\/182-editeur_page_bloc_element-terrasse-restaurant-1800x925-1.jpg 1800w\" sizes=\"(max-width: 1024px) 100vw, 1024px\" \/><\/figure><div class=\"wp-block-media-text__content\">\n<h2 class=\"fleur\" id=\"une-situation-ideale-sur-la-viarhona\">Das Gl\u00fcck <em>liegt auf dem Teller<\/em>!<\/h2>\n\n\n\n<ul class=\"pictos col-2\"><li><i class=\"fas fa-tennis-ball\"><\/i> <strong>Bouleplatz<\/strong>, um vor dem Essen zu spielen<\/li><li><i class=\"fas fa-water\"><\/i> <strong>Blick auf den See<\/strong>, eine beruhigende Umgebung<\/li><li><i class=\"fas fa-croissant\"><\/i> <strong>Das Fr\u00fchst\u00fcck<\/strong> vird von mitte April bis mitte September vor ort geliefert<\/li><li><i class=\"fas fa-water-ladder\"><\/i> <strong>Swimmingpool &amp;<\/strong> Planschbecken<\/li><\/ul>\n\n\n\n<p>In unserem Restaurant <strong>am Seeufer<\/strong> haben Sie es sich gem\u00fctlich gemacht und genie\u00dfen das sch\u00f6ne Panorama. Im Au\u00dfenbereich l\u00e4dt das <strong>Ger\u00e4usch der Zikaden<\/strong> im Sommer zum Entspannen ein, im Innenbereich taucht man durch die moderne und zugleich naturnahe Dekoration sofort in eine festliche und gem\u00fctliche Atmosph\u00e4re ein.<\/p>\n\n\n\n<p>La<strong> Table de l&#8217;EdeN <\/strong>hei\u00dft Sie vom April bis September willkommen. Die K\u00fcche ist dem Ort angemessen: magisch! K\u00f6stliche Gerichte, die unser K\u00fcchenchef mit <strong>lokalen Produkten<\/strong> zubereitet, r\u00fccken die Region in den Mittelpunkt und Ihre Geschmacksknospen in Feststimmung! Vom Fr\u00fchst\u00fcck bis zum Abendessen ist das Eden den ganzen Tag \u00fcber f\u00fcr alle ge\u00f6ffnet: Kommen Sie und lassen Sie es sich schmecken!<\/p>\n\n\n\n<div class=\"wp-container-69ef405bd76fa wp-block-buttons\">\n<div class=\"wp-block-button aligncenter\"><a class=\"wp-block-button__link\" href=\"https:\/\/www.campingdecruas.com\/de\/dienste\/\"><i class=\"fas fa-pot-food\"><\/i>  Mehr \u00fcber das Restaurant<\/a><\/div>\n<\/div>\n<\/div><\/div>\n\n\n\n<div class=\"wp-block-media-text alignfull has-media-on-the-right is-stacked-on-mobile is-image-fill H-25\"><figure class=\"wp-block-media-text__media\" style=\"background-image:url(https:\/\/www.campingdecruas.com\/wp-content\/uploads\/2023\/03\/thomas-bormans-eu5X8Ge5aDs-unsplash-1024x683.jpg);background-position:50% 50%\"><img width=\"1024\" height=\"683\" src=\"https:\/\/www.campingdecruas.com\/wp-content\/uploads\/2023\/03\/thomas-bormans-eu5X8Ge5aDs-unsplash-1024x683.jpg\" alt=\"Ard\u00e8che-Tal: vallon pont d'arc\" class=\"wp-image-581 size-full\" srcset=\"https:\/\/www.campingdecruas.com\/wp-content\/uploads\/2023\/03\/thomas-bormans-eu5X8Ge5aDs-unsplash-1024x683.jpg 1024w, https:\/\/www.campingdecruas.com\/wp-content\/uploads\/2023\/03\/thomas-bormans-eu5X8Ge5aDs-unsplash-300x200.jpg 300w, https:\/\/www.campingdecruas.com\/wp-content\/uploads\/2023\/03\/thomas-bormans-eu5X8Ge5aDs-unsplash-768x512.jpg 768w, https:\/\/www.campingdecruas.com\/wp-content\/uploads\/2023\/03\/thomas-bormans-eu5X8Ge5aDs-unsplash-1536x1024.jpg 1536w, https:\/\/www.campingdecruas.com\/wp-content\/uploads\/2023\/03\/thomas-bormans-eu5X8Ge5aDs-unsplash-2048x1365.jpg 2048w\" sizes=\"(max-width: 1024px) 100vw, 1024px\" \/><\/figure><div class=\"wp-block-media-text__content\">\n<h2 class=\"petale has-bleu-fonce-color has-text-color\" id=\"une-situation-ideale-sur-la-viarhona\">Eine Region zwischen Natur, <em>Kultur und Abenteuer!<\/em><\/h2>\n\n\n\n<p>Die Ard\u00e8che probieren, hei\u00dft sie adoptieren! Es ist unm\u00f6glich, nicht den wundersch\u00f6nen Landschaften zu verfallen, in denen die Natur herrscht, den kleinen <strong>malerischen D\u00f6rfern<\/strong> auf hohen H\u00fcgeln, in denen die Geschichte mit einem gro\u00dfen H \u00fcberall zu finden ist, oder der gro\u00dfz\u00fcgigen Gastronomie mit s\u00fcdlichen Akzenten!<\/p>\n\n\n\n<p>Faulenzen in der Sonne, <strong>historische Besichtigungen<\/strong>, Nougat und andere Leckereien, Wildwassersport, Angeln, Kanu- und Kajakfahren, Radfahren entlang der ber\u00fchmten ViaRh\u00f4na: Alle Zutaten f\u00fcr einen wirklich gelungenen Urlaub sind hier vereint!<\/p>\n\n\n\n<p>Eines ist sicher: Sie werden wiederkommen!<\/p>\n\n\n\n<div class=\"wp-container-69ef405bd7afa wp-block-buttons\">\n<div class=\"wp-block-button aligncenter\"><a class=\"wp-block-button__link\" href=\"https:\/\/www.campingdecruas.com\/de\/umgebung\/\"><i class=\"fas fa-globe-stand\"><\/i>  Entdecken Sie die Ard\u00e8che und ihre Umgebung<\/a><\/div>\n<\/div>\n<\/div><\/div>\n\n\n\n<div class=\"wp-block-media-text alignfull is-stacked-on-mobile is-image-fill H-30 has-bleu-fonce-background-color has-background\"><figure class=\"wp-block-media-text__media\" style=\"background-image:url(https:\/\/www.campingdecruas.com\/wp-content\/uploads\/2024\/02\/ADO_Ardeche_route.jpeg);background-position:50% 50%\"><img width=\"999\" height=\"669\" src=\"https:\/\/www.campingdecruas.com\/wp-content\/uploads\/2024\/02\/ADO_Ardeche_route.jpeg\" alt=\"route Ard\u00e8che nahe A7\" class=\"wp-image-1897 size-full\" srcset=\"https:\/\/www.campingdecruas.com\/wp-content\/uploads\/2024\/02\/ADO_Ardeche_route.jpeg 999w, https:\/\/www.campingdecruas.com\/wp-content\/uploads\/2024\/02\/ADO_Ardeche_route-300x201.jpeg 300w, https:\/\/www.campingdecruas.com\/wp-content\/uploads\/2024\/02\/ADO_Ardeche_route-768x514.jpeg 768w\" sizes=\"(max-width: 999px) 100vw, 999px\" \/><\/figure><div class=\"wp-block-media-text__content\">\n<h2 class=\"fleur\" id=\"une-situation-ideale-sur-la-viarhona\">Unser Campingplatz <em>in der N\u00e4he der Autobahn A7<\/em><\/h2>\n\n\n\n<p>Der <strong>Campingplatz Harmony <\/strong>ist ideal f\u00fcr deine Reise nach Frankreich und befindet sich nur einen Katzensprung von der <strong><a href=\"https:\/\/www.campingdecruas.com\/de\/camping-valence-nahe-autobahn\/\">Autobahn A7 <\/a><\/strong>entfernt! Ob Sie einen Zwischenstopp oder einen mehrw\u00f6chigen Aufenthalt bei uns verbringen m\u00f6chten, profitieren Sie von einem ruhigen Ort, der direkt von den wichtigsten <strong>Stra\u00dfen Frankreichs<\/strong> aus erreichbar ist. Von hier aus k\u00f6nnen Sie in k\u00fcrzester Zeit \u00fcberall hinfahren, um die Region und ihre wunderbaren Landschaften zu erkunden.<\/p>\n\n\n\n<p>Unser<strong> <\/strong><a href=\"https:\/\/www.campingdecruas.com\/de\/campingplatz-nahe-autobahn-a7-frankreich\/\" data-type=\"URL\" data-id=\"https:\/\/www.campingdecruas.com\/de\/campingplatz-nahe-autobahn-a7-frankreich\/\">Campingplatz in der Ard\u00e8che nahe der Autobahn A7<\/a> bietet Ihnen nach einer langen Reise mit dem Auto oder Wohnmobil einen unvergleichlichen Komfort. Geeignet f\u00fcr Gro\u00df und Klein, erholen Sie sich auf franz\u00f6sische Art auf unseren komfortablen <strong>Stellpl\u00e4tzen<\/strong> und in unseren <strong>Mobilheimen direkt am Flussufer<\/strong>. Im <strong>Schwimmbad <\/strong>k\u00f6nnen Sie sich die Beine vertreten und die Kinder sich austoben. Eine gute Mahlzeit in unserem <strong>Restaurant <\/strong>l&#8217;Eden wird die ganze Familie begeistern und Ihnen das Kochen ersparen.<\/p>\n\n\n\n<p>Haben Sie Lust auf eine Blase der Ruhe nach Ihrer langen Fahrt auf der <strong>Autobahn A7<\/strong>? Holen Sie sich einen Atemzug frischer Luft am Ufer des Angelsees direkt auf dem Campingplatz. Die ideale Gelegenheit, die Stille und die Ger\u00e4usche der <strong>Natur<\/strong> zu genie\u00dfen.<\/p>\n\n\n\n<p><strong>Der sch\u00f6nste Campingplatz der Ard\u00e8che<\/strong> erwartet Sie, z\u00f6gern Sie nicht l\u00e4nger!<\/p>\n<\/div><\/div>\n\n\n\n<div class=\"wp-block-media-text alignfull has-media-on-the-right is-stacked-on-mobile is-image-fill H-25\"><figure class=\"wp-block-media-text__media\" style=\"background-image:url(https:\/\/www.campingdecruas.com\/wp-content\/uploads\/2023\/03\/392-galerie-269782720-1375510669533639-7712149178113636239-n-943x1024.jpg);background-position:50% 50%\"><img width=\"943\" height=\"1024\" src=\"https:\/\/www.campingdecruas.com\/wp-content\/uploads\/2023\/03\/392-galerie-269782720-1375510669533639-7712149178113636239-n-943x1024.jpg\" alt=\"diner restaurant cruas\" class=\"wp-image-818 size-full\" srcset=\"https:\/\/www.campingdecruas.com\/wp-content\/uploads\/2023\/03\/392-galerie-269782720-1375510669533639-7712149178113636239-n-943x1024.jpg 943w, https:\/\/www.campingdecruas.com\/wp-content\/uploads\/2023\/03\/392-galerie-269782720-1375510669533639-7712149178113636239-n-276x300.jpg 276w, https:\/\/www.campingdecruas.com\/wp-content\/uploads\/2023\/03\/392-galerie-269782720-1375510669533639-7712149178113636239-n-768x834.jpg 768w, https:\/\/www.campingdecruas.com\/wp-content\/uploads\/2023\/03\/392-galerie-269782720-1375510669533639-7712149178113636239-n-1415x1536.jpg 1415w, https:\/\/www.campingdecruas.com\/wp-content\/uploads\/2023\/03\/392-galerie-269782720-1375510669533639-7712149178113636239-n.jpg 1886w\" sizes=\"(max-width: 943px) 100vw, 943px\" \/><\/figure><div class=\"wp-block-media-text__content\">\n<h2 class=\"fleur has-bleu-fonce-color has-text-color\" id=\"une-situation-ideale-sur-la-viarhona\">Lebensmittelgesch\u00e4ft \u201ePanier de l&#8217;Eden\u201c <em>Campingplatz in Cruas in der Ard\u00e8che<\/em><\/h2>\n\n\n\n<p>Direkt von Ihrem Campingplatz oder Mobilheim aus bietet Ihnen der Lebensmittelladen eine gro\u00dfe Auswahl an frischen und lokalen Produkten. W\u00e4hrend Ihres <strong>Aufenthalts am Fluss in der Ard\u00e8che<\/strong> k\u00f6nnen Sie hier Ihren t\u00e4glichen Bedarf decken, ohne die Natur verlassen zu m\u00fcssen. Sie finden hier Obst und Gem\u00fcse der Saison, Milchprodukte, Fleisch und Fisch sowie andere wichtige Produkte. Der Lebensmittelladen stellt auch regionale Spezialit\u00e4ten in den Vordergrund, sodass die Besucher die Geschm\u00e4cker der Ard\u00e8che entdecken k\u00f6nnen.<\/p>\n\n\n\n<p>Der freundliche Service und die gem\u00fctliche Atmosph\u00e4re des Lebensmittelladens \u201e<strong>Panier de l&#8217;Eden<\/strong>\u201c verleihen Ihrem Aufenthalt auf einem <strong>Campingplatz am Fluss in der Ard\u00e8che<\/strong> einen zus\u00e4tzlichen Komfort. Jeden Morgen k\u00f6nnen Sie hier frisches Brot und Geb\u00e4ck kaufen, damit Sie gut in den Tag starten k\u00f6nnen. Neben Lebensmitteln bietet der Lebensmittelladen auch Campingartikel und Hygieneprodukte an: Ein Aufenthalt mit allem Komfort ist garantiert!<\/p>\n\n\n\n<div class=\"wp-container-69ef405bd7fdb wp-block-buttons\">\n<div class=\"wp-block-button aligncenter\"><a class=\"wp-block-button__link\" href=\"https:\/\/www.campingdecruas.com\/services\/\"><i class=\"fas fa-basket-shopping\"><\/i>  Entdecken Sie den Lebensmittelladen<\/a><\/div>\n<\/div>\n<\/div><\/div>\n","protected":false},"excerpt":{"rendered":"<p>Campingplatz Harmony Campingurlaub am Fluss in der Ard\u00e8che in Cruas Aktuelles &amp; Sonderangebote Entdecken Sie unser neues Angebot f\u00fcr Ihren Urlaub von Juli bis August ! Early booking -10% auf alle Sommerbuchungen, die vor dem 30. April get\u00e4tigt werden Sonderangebote und Neuheiten Campingplatz am Flussufer in der Ard\u00e8che in Cruas Da auf Ihrem Harmony-Campingplatz in [&hellip;]<\/p>\n","protected":false},"author":1,"featured_media":0,"parent":0,"menu_order":0,"comment_status":"closed","ping_status":"closed","template":"","meta":[],"acf":[],"_links":{"self":[{"href":"https:\/\/www.campingdecruas.com\/de\/wp-json\/wp\/v2\/pages\/1127"}],"collection":[{"href":"https:\/\/www.campingdecruas.com\/de\/wp-json\/wp\/v2\/pages"}],"about":[{"href":"https:\/\/www.campingdecruas.com\/de\/wp-json\/wp\/v2\/types\/page"}],"author":[{"embeddable":true,"href":"https:\/\/www.campingdecruas.com\/de\/wp-json\/wp\/v2\/users\/1"}],"replies":[{"embeddable":true,"href":"https:\/\/www.campingdecruas.com\/de\/wp-json\/wp\/v2\/comments?post=1127"}],"version-history":[{"count":6,"href":"https:\/\/www.campingdecruas.com\/de\/wp-json\/wp\/v2\/pages\/1127\/revisions"}],"predecessor-version":[{"id":2695,"href":"https:\/\/www.campingdecruas.com\/de\/wp-json\/wp\/v2\/pages\/1127\/revisions\/2695"}],"wp:attachment":[{"href":"https:\/\/www.campingdecruas.com\/de\/wp-json\/wp\/v2\/media?parent=1127"}],"curies":[{"name":"wp","href":"https:\/\/api.w.org\/{rel}","templated":true}]}}